{"id":8832,"date":"2026-08-26T10:42:05","date_gmt":"2026-08-26T10:42:05","guid":{"rendered":"https:\/\/radniweb.grafi.com.hr\/parkovi2\/?page_id=8832"},"modified":"2026-08-26T10:43:46","modified_gmt":"2026-08-26T10:43:46","slug":"gradsko-groblje-varazdin","status":"publish","type":"page","link":"https:\/\/radniweb.grafi.com.hr\/parkovi2\/gradsko-groblje-varazdin\/","title":{"rendered":"Gradsko groblje Vara\u017edin"},"content":{"rendered":"\t\t<div data-elementor-type=\"wp-page\" data-elementor-id=\"8832\" class=\"elementor elementor-8832\">\n\t\t\t\t<div class=\"elementor-element elementor-element-70cd728 e-flex e-con-boxed e-con e-parent\" data-id=\"70cd728\" data-element_type=\"container\" data-e-type=\"container\" data-settings=\"{&quot;background_background&quot;:&quot;classic&quot;}\">\n\t\t\t\t\t<div class=\"e-con-inner\">\n\t\t<div class=\"elementor-element elementor-element-167c8ce e-con-full e-flex e-con e-child\" data-id=\"167c8ce\" data-element_type=\"container\" data-e-type=\"container\">\n\t\t\t\t<div class=\"elementor-element elementor-element-ca6d597 elementor-widget elementor-widget-heading\" data-id=\"ca6d597\" data-element_type=\"widget\" data-e-type=\"widget\" data-widget_type=\"heading.default\">\n\t\t\t\t<div class=\"elementor-widget-container\">\n\t\t\t\t\t<h1 class=\"elementor-heading-title elementor-size-default\">Gradsko groblje Vara\u017edin<\/h1>\t\t\t\t<\/div>\n\t\t\t\t<\/div>\n\t\t\t\t<\/div>\n\t\t\t\t\t<\/div>\n\t\t\t\t<\/div>\n\t\t<div class=\"elementor-element elementor-element-f47e8e4 e-flex e-con-boxed e-con e-parent\" data-id=\"f47e8e4\" data-element_type=\"container\" data-e-type=\"container\" data-settings=\"{&quot;background_background&quot;:&quot;classic&quot;}\">\n\t\t\t\t\t<div class=\"e-con-inner\">\n\t\t<div class=\"elementor-element elementor-element-06e264e e-con-full e-flex e-con e-child\" data-id=\"06e264e\" data-element_type=\"container\" data-e-type=\"container\">\n\t\t\t\t<div class=\"elementor-element elementor-element-46b42e5 elementor-widget elementor-widget-text-editor\" data-id=\"46b42e5\" data-element_type=\"widget\" data-e-type=\"widget\" data-widget_type=\"text-editor.default\">\n\t\t\t\t<div class=\"elementor-widget-container\">\n\t\t\t\t\t\t\t\t\t<p>Gradsko groblje Vara\u017edin dom je mnogih poznatih i manje poznatih Vara\u017edinaca ve\u0107 stolje\u0107ima. Prvi zapis o groblju datira iz 1773. godine, kada je zabilje\u017een prvi ukop.<\/p><p>Stari dio groblja prostire se na 11,8 hektara i obuhva\u0107a polja od 1. do 20., dok novi dio pokriva 7,3 hektara i polja od 21. do 55., s 2,71 hektarom aktivnog podru\u010dja (od 21. do 36. i 42. polje).<\/p><p>Groblje se nalazi na katastarskim \u010desticama br. 13158 (117.885 m\u00b2) i br. 16959 (72.695 m\u00b2).<\/p><p>Dana\u0161nji izgled groblja kreirao je Herman Haller, koji je zasadio razne biljne vrste poput javora, thuja, crvene bukve, jasena, magnolije, trave i cvije\u0107a. Poznato je po visokim \u017eivicama thuja koje stvaraju jedinstveno ozra\u010dje. Groblje je komunalna infrastruktura u vlasni\u0161tvu Grada Vara\u017edina, a njime upravljaju Parkovi, financirani iz godi\u0161njih grobnih naknada i prora\u010duna grada.<\/p><p>Iako je groblje spomenik, i dalje je aktivno, ali su neki dijelovi s vremenom degradirali.<\/p>\t\t\t\t\t\t\t\t<\/div>\n\t\t\t\t<\/div>\n\t\t\t\t<div class=\"elementor-element elementor-element-9dfcb4c elementor-widget elementor-widget-text-editor\" data-id=\"9dfcb4c\" data-element_type=\"widget\" data-e-type=\"widget\" data-widget_type=\"text-editor.default\">\n\t\t\t\t<div class=\"elementor-widget-container\">\n\t\t\t\t\t\t\t\t\t<p><strong>Razine za\u0161tite<\/strong><\/p><ul><li><strong>Spomenik prirode (vrtna arhitektura)<\/strong><br \/>Kategorija: spomenik parkovne arhitekture<br \/>Godina za\u0161tite: 1966.<br \/>Povr\u0161ina: polja od 1. do 8.<br \/>Registarski broj: 176<\/li><\/ul><ul><li><strong>Za\u0161ti\u0107eno kulturno dobro<\/strong><br \/>Kategorija: za\u0161ti\u0107eno kulturno dobro<br \/>Godina za\u0161tite: 2003.<br \/>Povr\u0161ina: polja od 1. do 12.<br \/>Registarski broj: Z-1135<\/li><\/ul>\t\t\t\t\t\t\t\t<\/div>\n\t\t\t\t<\/div>\n\t\t\t\t<div class=\"elementor-element elementor-element-28dc0ad elementor-widget elementor-widget-text-editor\" data-id=\"28dc0ad\" data-element_type=\"widget\" data-e-type=\"widget\" data-widget_type=\"text-editor.default\">\n\t\t\t\t<div class=\"elementor-widget-container\">\n\t\t\t\t\t\t\t\t\t<p><strong>Me\u0111unarodni projekti<\/strong><\/p><p>Gradsko groblje Vara\u017edin, sa svojom zelenom arhitekturom i vrijednim spomenicima, \u010dlan je Udruge znamenitih groblja Europe (ASCE). Udruga radi na o\u010duvanju i promociji zna\u010dajnih europskih groblja. Vara\u017edinsko groblje tako\u0111er je dio me\u0111unarodnog turisti\u010dkog projekta <a role=\"link\" href=\"https:\/\/cemeteriesroute.eu\/cemeteries.aspx\">European Cemeteries Route<\/a>, koji povezuje groblja iz 50 gradova u 20 zemalja. Projekt je 2011. godine dobio presti\u017enu nagradu Ulysess za inovativnost u turizmu.<\/p><p><strong>Povijesni razvoj<\/strong><\/p><p>Vara\u017edin je kroz povijest imao groblja oko crkava, uklju\u010duju\u0107i groblje sv. Vida iz 15. stolje\u0107a i malo groblje uz crkvicu sv. Florijana iz 17. stolje\u0107a. Nakon zabrane sahranjivanja unutar gradskih zidina 1768. godine, otvoreno je novo groblje izvan zidina. Prvi nadziratelj groblja bio je Josip Matu\u0161in, a zna\u010dajne promjene po\u010dele su s Hermanom Hallerom 1905. godine, koji je uveo barokni stil ure\u0111enja inspiriran be\u010dkim parkovima.<\/p><p><strong>Karakteristike<\/strong><\/p><p>Groblje postoji ve\u0107 vi\u0161e od stotinu godina i razvilo se u prostor visoke kulturne i estetske vrijednosti, poznat po monumentalnoj arhitekturi parkovnih nasada i skulpturalno oblikovanim nadgrobnim spomenicima. Vara\u017edinci groblje koriste kao park i gradsko \u0161etali\u0161te, gdje zelena arhitektura dominira nad pojedina\u010dnim grobovima. Glavne staze oblikovane su kao aleje, stvaraju\u0107i prostor za meditaciju i opu\u0161tanje.<\/p><p>Specifi\u010dnost groblja le\u017ei u zelenim zidovima thuja, \u0161etnicama od sipine i ure\u0111enim grobnim plo\u010dama, stvaraju\u0107i jedinstven sklad arhitekture i prirode.<\/p>\t\t\t\t\t\t\t\t<\/div>\n\t\t\t\t<\/div>\n\t\t\t\t<\/div>\n\t\t<div class=\"elementor-element elementor-element-1d0bc4f e-con-full e-flex e-con e-child\" data-id=\"1d0bc4f\" data-element_type=\"container\" data-e-type=\"container\">\n\t\t\t\t<div class=\"elementor-element elementor-element-f04340f elementor-widget elementor-widget-text-editor\" data-id=\"f04340f\" data-element_type=\"widget\" data-e-type=\"widget\" data-widget_type=\"text-editor.default\">\n\t\t\t\t<div class=\"elementor-widget-container\">\n\t\t\t\t\t\t\t\t\t<h5>Vara\u017edinska groblja<\/h5>\t\t\t\t\t\t\t\t<\/div>\n\t\t\t\t<\/div>\n\t\t\t\t<div class=\"elementor-element elementor-element-7dd9176 hfe-nav-menu__align-left hfe-submenu-icon-arrow hfe-submenu-animation-none hfe-link-redirect-child hfe-nav-menu__breakpoint-tablet elementor-widget elementor-widget-navigation-menu\" data-id=\"7dd9176\" data-element_type=\"widget\" data-e-type=\"widget\" data-settings=\"{&quot;padding_horizontal_menu_item&quot;:{&quot;unit&quot;:&quot;px&quot;,&quot;size&quot;:15,&quot;sizes&quot;:[]},&quot;padding_horizontal_menu_item_tablet&quot;:{&quot;unit&quot;:&quot;px&quot;,&quot;size&quot;:&quot;&quot;,&quot;sizes&quot;:[]},&quot;padding_horizontal_menu_item_mobile&quot;:{&quot;unit&quot;:&quot;px&quot;,&quot;size&quot;:&quot;&quot;,&quot;sizes&quot;:[]},&quot;padding_vertical_menu_item&quot;:{&quot;unit&quot;:&quot;px&quot;,&quot;size&quot;:15,&quot;sizes&quot;:[]},&quot;padding_vertical_menu_item_tablet&quot;:{&quot;unit&quot;:&quot;px&quot;,&quot;size&quot;:&quot;&quot;,&quot;sizes&quot;:[]},&quot;padding_vertical_menu_item_mobile&quot;:{&quot;unit&quot;:&quot;px&quot;,&quot;size&quot;:&quot;&quot;,&quot;sizes&quot;:[]},&quot;menu_space_between&quot;:{&quot;unit&quot;:&quot;px&quot;,&quot;size&quot;:&quot;&quot;,&quot;sizes&quot;:[]},&quot;menu_space_between_tablet&quot;:{&quot;unit&quot;:&quot;px&quot;,&quot;size&quot;:&quot;&quot;,&quot;sizes&quot;:[]},&quot;menu_space_between_mobile&quot;:{&quot;unit&quot;:&quot;px&quot;,&quot;size&quot;:&quot;&quot;,&quot;sizes&quot;:[]},&quot;menu_row_space&quot;:{&quot;unit&quot;:&quot;px&quot;,&quot;size&quot;:&quot;&quot;,&quot;sizes&quot;:[]},&quot;menu_row_space_tablet&quot;:{&quot;unit&quot;:&quot;px&quot;,&quot;size&quot;:&quot;&quot;,&quot;sizes&quot;:[]},&quot;menu_row_space_mobile&quot;:{&quot;unit&quot;:&quot;px&quot;,&quot;size&quot;:&quot;&quot;,&quot;sizes&quot;:[]},&quot;dropdown_border_radius&quot;:{&quot;unit&quot;:&quot;px&quot;,&quot;top&quot;:&quot;&quot;,&quot;right&quot;:&quot;&quot;,&quot;bottom&quot;:&quot;&quot;,&quot;left&quot;:&quot;&quot;,&quot;isLinked&quot;:true},&quot;dropdown_border_radius_tablet&quot;:{&quot;unit&quot;:&quot;px&quot;,&quot;top&quot;:&quot;&quot;,&quot;right&quot;:&quot;&quot;,&quot;bottom&quot;:&quot;&quot;,&quot;left&quot;:&quot;&quot;,&quot;isLinked&quot;:true},&quot;dropdown_border_radius_mobile&quot;:{&quot;unit&quot;:&quot;px&quot;,&quot;top&quot;:&quot;&quot;,&quot;right&quot;:&quot;&quot;,&quot;bottom&quot;:&quot;&quot;,&quot;left&quot;:&quot;&quot;,&quot;isLinked&quot;:true},&quot;width_dropdown_item&quot;:{&quot;unit&quot;:&quot;px&quot;,&quot;size&quot;:&quot;220&quot;,&quot;sizes&quot;:[]},&quot;width_dropdown_item_tablet&quot;:{&quot;unit&quot;:&quot;px&quot;,&quot;size&quot;:&quot;&quot;,&quot;sizes&quot;:[]},&quot;width_dropdown_item_mobile&quot;:{&quot;unit&quot;:&quot;px&quot;,&quot;size&quot;:&quot;&quot;,&quot;sizes&quot;:[]},&quot;padding_horizontal_dropdown_item&quot;:{&quot;unit&quot;:&quot;px&quot;,&quot;size&quot;:&quot;&quot;,&quot;sizes&quot;:[]},&quot;padding_horizontal_dropdown_item_tablet&quot;:{&quot;unit&quot;:&quot;px&quot;,&quot;size&quot;:&quot;&quot;,&quot;sizes&quot;:[]},&quot;padding_horizontal_dropdown_item_mobile&quot;:{&quot;unit&quot;:&quot;px&quot;,&quot;size&quot;:&quot;&quot;,&quot;sizes&quot;:[]},&quot;padding_vertical_dropdown_item&quot;:{&quot;unit&quot;:&quot;px&quot;,&quot;size&quot;:15,&quot;sizes&quot;:[]},&quot;padding_vertical_dropdown_item_tablet&quot;:{&quot;unit&quot;:&quot;px&quot;,&quot;size&quot;:&quot;&quot;,&quot;sizes&quot;:[]},&quot;padding_vertical_dropdown_item_mobile&quot;:{&quot;unit&quot;:&quot;px&quot;,&quot;size&quot;:&quot;&quot;,&quot;sizes&quot;:[]},&quot;distance_from_menu&quot;:{&quot;unit&quot;:&quot;px&quot;,&quot;size&quot;:&quot;&quot;,&quot;sizes&quot;:[]},&quot;distance_from_menu_tablet&quot;:{&quot;unit&quot;:&quot;px&quot;,&quot;size&quot;:&quot;&quot;,&quot;sizes&quot;:[]},&quot;distance_from_menu_mobile&quot;:{&quot;unit&quot;:&quot;px&quot;,&quot;size&quot;:&quot;&quot;,&quot;sizes&quot;:[]},&quot;toggle_size&quot;:{&quot;unit&quot;:&quot;px&quot;,&quot;size&quot;:&quot;&quot;,&quot;sizes&quot;:[]},&quot;toggle_size_tablet&quot;:{&quot;unit&quot;:&quot;px&quot;,&quot;size&quot;:&quot;&quot;,&quot;sizes&quot;:[]},&quot;toggle_size_mobile&quot;:{&quot;unit&quot;:&quot;px&quot;,&quot;size&quot;:&quot;&quot;,&quot;sizes&quot;:[]},&quot;toggle_border_width&quot;:{&quot;unit&quot;:&quot;px&quot;,&quot;size&quot;:&quot;&quot;,&quot;sizes&quot;:[]},&quot;toggle_border_width_tablet&quot;:{&quot;unit&quot;:&quot;px&quot;,&quot;size&quot;:&quot;&quot;,&quot;sizes&quot;:[]},&quot;toggle_border_width_mobile&quot;:{&quot;unit&quot;:&quot;px&quot;,&quot;size&quot;:&quot;&quot;,&quot;sizes&quot;:[]},&quot;toggle_border_radius&quot;:{&quot;unit&quot;:&quot;px&quot;,&quot;size&quot;:&quot;&quot;,&quot;sizes&quot;:[]},&quot;toggle_border_radius_tablet&quot;:{&quot;unit&quot;:&quot;px&quot;,&quot;size&quot;:&quot;&quot;,&quot;sizes&quot;:[]},&quot;toggle_border_radius_mobile&quot;:{&quot;unit&quot;:&quot;px&quot;,&quot;size&quot;:&quot;&quot;,&quot;sizes&quot;:[]}}\" data-widget_type=\"navigation-menu.default\">\n\t\t\t\t<div class=\"elementor-widget-container\">\n\t\t\t\t\t\t\t\t<div class=\"hfe-nav-menu hfe-layout-horizontal hfe-nav-menu-layout horizontal hfe-pointer__none\" data-layout=\"horizontal\">\n\t\t\t\t<div role=\"button\" class=\"hfe-nav-menu__toggle elementor-clickable\" tabindex=\"0\" aria-label=\"Menu Toggle\">\n\t\t\t\t\t<span class=\"screen-reader-text\">Menu<\/span>\n\t\t\t\t\t<div class=\"hfe-nav-menu-icon\">\n\t\t\t\t\t\t<i aria-hidden=\"true\"  class=\"fas fa-align-justify\"><\/i>\t\t\t\t\t<\/div>\n\t\t\t\t<\/div>\n\t\t\t\t<nav class=\"hfe-nav-menu__layout-horizontal hfe-nav-menu__submenu-arrow\" data-toggle-icon=\"&lt;i aria-hidden=&quot;true&quot; tabindex=&quot;0&quot; class=&quot;fas fa-align-justify&quot;&gt;&lt;\/i&gt;\" data-close-icon=\"&lt;i aria-hidden=&quot;true&quot; tabindex=&quot;0&quot; class=&quot;far fa-window-close&quot;&gt;&lt;\/i&gt;\" data-full-width=\"yes\">\n\t\t\t\t\t<ul id=\"menu-1-7dd9176\" class=\"hfe-nav-menu\"><li id=\"menu-item-8428\" class=\"menu-item menu-item-type-custom menu-item-object-custom parent hfe-creative-menu\"><a href=\"#\" class = \"hfe-menu-item\"><i class=\"_mi _before dashicons dashicons-arrow-right\" aria-hidden=\"true\" style=\"font-size:0.8em;\"><\/i><span>Dostava ra\u010duna e-mailom<\/span><\/a><\/li>\n<li id=\"menu-item-8429\" class=\"menu-item menu-item-type-custom menu-item-object-custom parent hfe-creative-menu\"><a href=\"#\" class = \"hfe-menu-item\"><i class=\"_mi _before dashicons dashicons-arrow-right\" aria-hidden=\"true\" style=\"font-size:0.8em;\"><\/i><span>Promjena adrese dostave ra\u010duna za grobnu naknadu<\/span><\/a><\/li>\n<li id=\"menu-item-8430\" class=\"menu-item menu-item-type-custom menu-item-object-custom parent hfe-creative-menu\"><a href=\"#\" class = \"hfe-menu-item\"><i class=\"_mi _before dashicons dashicons-arrow-right\" aria-hidden=\"true\" style=\"font-size:0.8em;\"><\/i><span>Promjena vlasni\u0161tva grobnih mjesta<\/span><\/a><\/li>\n<li id=\"menu-item-8431\" class=\"menu-item menu-item-type-custom menu-item-object-custom parent hfe-creative-menu\"><a href=\"#\" class = \"hfe-menu-item\"><i class=\"_mi _before dashicons dashicons-arrow-right\" aria-hidden=\"true\" style=\"font-size:0.8em;\"><\/i><span>Ugovaranje ure\u0111enja grobnih mjesta<\/span><\/a><\/li>\n<li id=\"menu-item-8432\" class=\"menu-item menu-item-type-custom menu-item-object-custom parent hfe-creative-menu\"><a href=\"#\" class = \"hfe-menu-item\"><i class=\"_mi _before dashicons dashicons-arrow-right\" aria-hidden=\"true\" style=\"font-size:0.8em;\"><\/i><span>On-line pla\u0107anje grobne naknade<\/span><\/a><\/li>\n<\/ul> \n\t\t\t\t<\/nav>\n\t\t\t<\/div>\n\t\t\t\t\t\t\t<\/div>\n\t\t\t\t<\/div>\n\t\t\t\t<\/div>\n\t\t\t\t\t<\/div>\n\t\t\t\t<\/div>\n\t\t\t\t<\/div>\n\t\t","protected":false},"excerpt":{"rendered":"<p>Gradsko groblje Vara\u017edin Gradsko groblje Vara\u017edin dom je mnogih poznatih i manje poznatih Vara\u017edinaca ve\u0107 stolje\u0107ima. Prvi zapis o groblju datira iz 1773. godine, kada je zabilje\u017een prvi ukop. Stari dio groblja prostire se na 11,8 hektara i obuhva\u0107a polja od 1. do 20., dok novi dio pokriva 7,3 hektara i polja od 21. do [&hellip;]<\/p>\n","protected":false},"author":1,"featured_media":0,"parent":0,"menu_order":0,"comment_status":"closed","ping_status":"closed","template":"","meta":{"site-sidebar-layout":"no-sidebar","site-content-layout":"page-builder","ast-site-content-layout":"full-width-container","site-content-style":"default","site-sidebar-style":"default","ast-global-header-display":"","ast-banner-title-visibility":"","ast-main-header-display":"","ast-hfb-above-header-display":"","ast-hfb-below-header-display":"","ast-hfb-mobile-header-display":"","site-post-title":"","ast-breadcrumbs-content":"","ast-featured-img":"disabled","footer-sml-layout":"","ast-disable-related-posts":"","theme-transparent-header-meta":"","adv-header-id-meta":"","stick-header-meta":"","header-above-stick-meta":"","header-main-stick-meta":"","header-below-stick-meta":"","astra-migrate-meta-layouts":"set","ast-page-background-enabled":"default","ast-page-background-meta":{"desktop":{"background-color":"","background-image":"","background-repeat":"repeat","background-position":"center center","background-size":"auto","background-attachment":"scroll","background-type":"","background-media":"","overlay-type":"","overlay-color":"","overlay-opacity":"","overlay-gradient":""},"tablet":{"background-color":"","background-image":"","background-repeat":"repeat","background-position":"center center","background-size":"auto","background-attachment":"scroll","background-type":"","background-media":"","overlay-type":"","overlay-color":"","overlay-opacity":"","overlay-gradient":""},"mobile":{"background-color":"","background-image":"","background-repeat":"repeat","background-position":"center center","background-size":"auto","background-attachment":"scroll","background-type":"","background-media":"","overlay-type":"","overlay-color":"","overlay-opacity":"","overlay-gradient":""}},"ast-content-background-meta":{"desktop":{"background-color":"var(--ast-global-color-5)","background-image":"","background-repeat":"repeat","background-position":"center center","background-size":"auto","background-attachment":"scroll","background-type":"","background-media":"","overlay-type":"","overlay-color":"","overlay-opacity":"","overlay-gradient":""},"tablet":{"background-color":"var(--ast-global-color-5)","background-image":"","background-repeat":"repeat","background-position":"center center","background-size":"auto","background-attachment":"scroll","background-type":"","background-media":"","overlay-type":"","overlay-color":"","overlay-opacity":"","overlay-gradient":""},"mobile":{"background-color":"var(--ast-global-color-5)","background-image":"","background-repeat":"repeat","background-position":"center center","background-size":"auto","background-attachment":"scroll","background-type":"","background-media":"","overlay-type":"","overlay-color":"","overlay-opacity":"","overlay-gradient":""}},"footnotes":""},"class_list":["post-8832","page","type-page","status-publish","hentry"],"_links":{"self":[{"href":"https:\/\/radniweb.grafi.com.hr\/parkovi2\/wp-json\/wp\/v2\/pages\/8832","targetHints":{"allow":["GET"]}}],"collection":[{"href":"https:\/\/radniweb.grafi.com.hr\/parkovi2\/wp-json\/wp\/v2\/pages"}],"about":[{"href":"https:\/\/radniweb.grafi.com.hr\/parkovi2\/wp-json\/wp\/v2\/types\/page"}],"author":[{"embeddable":true,"href":"https:\/\/radniweb.grafi.com.hr\/parkovi2\/wp-json\/wp\/v2\/users\/1"}],"replies":[{"embeddable":true,"href":"https:\/\/radniweb.grafi.com.hr\/parkovi2\/wp-json\/wp\/v2\/comments?post=8832"}],"version-history":[{"count":4,"href":"https:\/\/radniweb.grafi.com.hr\/parkovi2\/wp-json\/wp\/v2\/pages\/8832\/revisions"}],"predecessor-version":[{"id":8836,"href":"https:\/\/radniweb.grafi.com.hr\/parkovi2\/wp-json\/wp\/v2\/pages\/8832\/revisions\/8836"}],"wp:attachment":[{"href":"https:\/\/radniweb.grafi.com.hr\/parkovi2\/wp-json\/wp\/v2\/media?parent=8832"}],"curies":[{"name":"wp","href":"https:\/\/api.w.org\/{rel}","templated":true}]}}